{"id":24,"date":"2020-12-02T11:42:08","date_gmt":"2020-12-02T10:42:08","guid":{"rendered":"http:\/\/vielfalt-in-ee.de\/dl\/?page_id=24"},"modified":"2020-12-02T11:42:08","modified_gmt":"2020-12-02T10:42:08","slug":"was-foerdern-wir","status":"publish","type":"page","link":"http:\/\/vielfalt-in-ee.de\/dl\/was-foerdern-wir\/","title":{"rendered":"Was f\u00f6rdern wir?"},"content":{"rendered":"\n<p>Gef\u00f6rdert werden k\u00f6nnen Projekte, die sich f\u00fcr Vielfalt, Demokratie und Toleranz und gegen Rechtsextremismus und Fremdenfeindlichkeit richten.<br>Schwerpunkte in den Projekten k\u00f6nnen sein.<\/p>\n\n\n\n<ol class=\"wp-block-list\"><li>F\u00f6rderung interkultureller Kompetenz<\/li><li>Gewaltpr\u00e4vention<\/li><li>Konfliktberatung<\/li><li>Auseinandersetzung mit der Orts-und Heimatgeschichte<\/li><li>Bildungs-und Informationsveranstaltungen<\/li><li>gedenkst\u00e4ttenp\u00e4dagogische Bildungsprojekte<\/li><li>Beteiligung von Jugendlichen an demokratischen Prozessen<\/li><li>generations\u00fcbergreifende Projekte<\/li><\/ol>\n\n\n\n<p>Die maximale F\u00f6rderung richtet sich nach der Bedeutung des Projektes f\u00fcr die Region.<br>Der zu beantragende Richtwert sind 2000 \u20ac, jedoch k\u00f6nnen auch umfangreichere Projekte gef\u00f6rdert werden.<\/p>\n","protected":false},"excerpt":{"rendered":"<p>Gef\u00f6rdert werden k\u00f6nnen Projekte, die sich f\u00fcr Vielfalt, Demokratie und Toleranz und gegen Rechtsextremismus und Fremdenfeindlichkeit richten.Schwerpunkte in den Projekten k\u00f6nnen sein. F\u00f6rderung interkultureller Kompetenz Gewaltpr\u00e4vention Konfliktberatung Auseinandersetzung mit der Orts-und Heimatgeschichte Bildungs-und Informationsveranstaltungen gedenkst\u00e4ttenp\u00e4dagogische Bildungsprojekte Beteiligung von Jugendlichen an demokratischen Prozessen generations\u00fcbergreifende Projekte Die maximale F\u00f6rderung richtet sich nach der Bedeutung des Projektes f\u00fcr &hellip; <\/p>\n<p class=\"link-more\"><a href=\"http:\/\/vielfalt-in-ee.de\/dl\/was-foerdern-wir\/\" class=\"more-link\"><span class=\"screen-reader-text\">\u201eWas f\u00f6rdern wir?\u201c<\/span> weiterlesen<\/a><\/p>\n","protected":false},"author":1,"featured_media":0,"parent":0,"menu_order":0,"comment_status":"closed","ping_status":"closed","template":"","meta":{"footnotes":""},"class_list":["post-24","page","type-page","status-publish","hentry"],"_links":{"self":[{"href":"http:\/\/vielfalt-in-ee.de\/dl\/wp-json\/wp\/v2\/pages\/24","targetHints":{"allow":["GET"]}}],"collection":[{"href":"http:\/\/vielfalt-in-ee.de\/dl\/wp-json\/wp\/v2\/pages"}],"about":[{"href":"http:\/\/vielfalt-in-ee.de\/dl\/wp-json\/wp\/v2\/types\/page"}],"author":[{"embeddable":true,"href":"http:\/\/vielfalt-in-ee.de\/dl\/wp-json\/wp\/v2\/users\/1"}],"replies":[{"embeddable":true,"href":"http:\/\/vielfalt-in-ee.de\/dl\/wp-json\/wp\/v2\/comments?post=24"}],"version-history":[{"count":1,"href":"http:\/\/vielfalt-in-ee.de\/dl\/wp-json\/wp\/v2\/pages\/24\/revisions"}],"predecessor-version":[{"id":25,"href":"http:\/\/vielfalt-in-ee.de\/dl\/wp-json\/wp\/v2\/pages\/24\/revisions\/25"}],"wp:attachment":[{"href":"http:\/\/vielfalt-in-ee.de\/dl\/wp-json\/wp\/v2\/media?parent=24"}],"curies":[{"name":"wp","href":"https:\/\/api.w.org\/{rel}","templated":true}]}}